{"id":1387,"date":"2016-11-04T14:12:39","date_gmt":"2016-11-04T14:12:39","guid":{"rendered":"http:\/\/nuevo.pazyesperanza.org\/usa\/?page_id=1387"},"modified":"2018-03-19T02:40:47","modified_gmt":"2018-03-19T02:40:47","slug":"lideres","status":"publish","type":"page","link":"https:\/\/www.pazyesperanza.org\/co\/conocenos\/lideres\/","title":{"rendered":"Liderazgo"},"content":{"rendered":"<p>[vc_row el_id=&#8221;team&#8221;][vc_column][vc_raw_js]JTNDc2NyaXB0JTNFJTIwJTBBalF1ZXJ5Lm5vQ29uZmxpY3QlMjglMjklM0IlMEFqUXVlcnklMjhkb2N1bWVudCUyOS5mb3VuZGF0aW9uJTI4JTI5JTNCJTBBJTNDJTJGc2NyaXB0JTNFJTIwJTBBJTNDc2NyaXB0JTNFJTIwJTBBZG9jdW1lbnQuZ2V0RWxlbWVudHNCeVRhZ05hbWUlMjglMjJhJTIyJTI5JTVCMCU1RC5yZW1vdmVBdHRyaWJ1dGUlMjglMjJocmVmJTIyJTI5JTNCJTBBJTNDJTJGc2NyaXB0JTNFJTIw[\/vc_raw_js][vc_custom_heading text=&#8221;Junta Directiva&#8221; font_container=&#8221;tag:h2|text_align:center&#8221;]<ul class=\"isotope-grid team-custom-grid\"><li class=\"grid-item team-custom-grid-item format-standard\" style=\"width:22%\">\r\r\n\t\t<div class=\"grid-staff-item \">\r\r\n                     \t<div class=\"grid-item-inner\"><div class=\"media-box\"><img decoding=\"async\" src=\"https:\/\/www.pazyesperanza.org\/co\/wp-content\/uploads\/sites\/10\/2018\/03\/Cesar.jpg\" class=\"attachment-post-thumbnail size-post-thumbnail wp-post-image\" alt=\"\" srcset=\"https:\/\/www.pazyesperanza.org\/co\/wp-content\/uploads\/sites\/10\/2018\/03\/Cesar.jpg 399w, https:\/\/www.pazyesperanza.org\/co\/wp-content\/uploads\/sites\/10\/2018\/03\/Cesar-251x300.jpg 251w\" sizes=\"(max-width: 399px) 100vw, 399px\" \/><\/div><div class=\"grid-item-content\">\r\r\n                                \t<h3 class=\"margin-5\">Cesar Augusto Villanueva Tabares<\/h3><span class=\"meta-data margin-20\">Miembro Junta Directiva<\/span><p>Psic\u00f3logo, especialista en familia y Magister en Terapia de Familia, con 25 a\u00f1os de experiencia en consulta y atenci\u00f3n a poblaci\u00f3n en vulnerabilidad, con 10 a\u00f1os de experiencia interviniendo a los ni\u00f1os y ni\u00f1as de la Fundaci\u00f3n Brazos Abiertos, tambi\u00e9n como director operativo de la misma instituci\u00f3n. Docente del Seminario B\u00edblico de Colombia, en el programa de extensi\u00f3n por m\u00e1s de 10 a\u00f1os, docente de las Sociedades B\u00edblicas de Colombia en varias ciudades del pa\u00eds. Actualmente realizo consulta particular y docencia en la facultad de psicolog\u00eda en la Universidad Nacional Abierta y a Distancia.<a href=\"https:\/\/www.pazyesperanza.org\/co\/team\/cesar-augusto-villanueva-tabares\/\"><\/a><\/p><\/div><\/div><\/div><\/li><li class=\"grid-item team-custom-grid-item format-standard\" style=\"width:22%\">\r\r\n\t\t<div class=\"grid-staff-item \">\r\r\n                     \t<div class=\"grid-item-inner\"><div class=\"media-box\"><img decoding=\"async\" src=\"https:\/\/www.pazyesperanza.org\/co\/wp-content\/uploads\/sites\/10\/2018\/03\/VerArchivos-2.jpg\" class=\"attachment-post-thumbnail size-post-thumbnail wp-post-image\" alt=\"\" srcset=\"https:\/\/www.pazyesperanza.org\/co\/wp-content\/uploads\/sites\/10\/2018\/03\/VerArchivos-2.jpg 620w, https:\/\/www.pazyesperanza.org\/co\/wp-content\/uploads\/sites\/10\/2018\/03\/VerArchivos-2-242x300.jpg 242w\" sizes=\"(max-width: 620px) 100vw, 620px\" \/><\/div><div class=\"grid-item-content\">\r\r\n                                \t<h3 class=\"margin-5\">Jos\u00e9 Edilberto Quitian Mahecha<\/h3><span class=\"meta-data margin-20\">Miembro Junta Directiva<\/span><p>Profesional con experiencia en an\u00e1lisis normativo y gesti\u00f3n t\u00e9cnica, comprometido defensor de derechos humanos en la adecuada calidad de sus servicios p\u00fablicos y acompa\u00f1amiento comunitario. Ingeniero Electricista de la Universidad Nacional de Colombia. Casado, tiene dos hijos.<a href=\"https:\/\/www.pazyesperanza.org\/co\/team\/jose-edilberto-quitian-mahecha\/\"><\/a><\/p><\/div><\/div><\/div><\/li><li class=\"grid-item team-custom-grid-item format-standard\" style=\"width:22%\">\r\r\n\t\t<div class=\"grid-staff-item \">\r\r\n                     \t<div class=\"grid-item-inner\"><div class=\"media-box\"><img decoding=\"async\" src=\"https:\/\/www.pazyesperanza.org\/co\/wp-content\/uploads\/sites\/10\/2018\/03\/WhatsApp-Image-2026-02-25-at-6.02.09-PM-e1774672442340-958x960.jpeg\" class=\"attachment-post-thumbnail size-post-thumbnail wp-post-image\" alt=\"\" srcset=\"https:\/\/www.pazyesperanza.org\/co\/wp-content\/uploads\/sites\/10\/2018\/03\/WhatsApp-Image-2026-02-25-at-6.02.09-PM-e1774672442340-958x960.jpeg 958w, https:\/\/www.pazyesperanza.org\/co\/wp-content\/uploads\/sites\/10\/2018\/03\/WhatsApp-Image-2026-02-25-at-6.02.09-PM-e1774672442340-300x300.jpeg 300w, https:\/\/www.pazyesperanza.org\/co\/wp-content\/uploads\/sites\/10\/2018\/03\/WhatsApp-Image-2026-02-25-at-6.02.09-PM-e1774672442340-1021x1024.jpeg 1021w, https:\/\/www.pazyesperanza.org\/co\/wp-content\/uploads\/sites\/10\/2018\/03\/WhatsApp-Image-2026-02-25-at-6.02.09-PM-e1774672442340-150x150.jpeg 150w, https:\/\/www.pazyesperanza.org\/co\/wp-content\/uploads\/sites\/10\/2018\/03\/WhatsApp-Image-2026-02-25-at-6.02.09-PM-e1774672442340-768x770.jpeg 768w, https:\/\/www.pazyesperanza.org\/co\/wp-content\/uploads\/sites\/10\/2018\/03\/WhatsApp-Image-2026-02-25-at-6.02.09-PM-e1774672442340-70x70.jpeg 70w, https:\/\/www.pazyesperanza.org\/co\/wp-content\/uploads\/sites\/10\/2018\/03\/WhatsApp-Image-2026-02-25-at-6.02.09-PM-e1774672442340.jpeg 1200w\" sizes=\"(max-width: 958px) 100vw, 958px\" \/><\/div><div class=\"grid-item-content\">\r\r\n                                \t<h3 class=\"margin-5\">Olga Regina Restrepo Amariles<\/h3><span class=\"meta-data margin-20\">Miembro Junta Directiva<\/span><p>Pedagoga, con m\u00e1s de 40 a\u00f1os de experiencia, licenciada en Educaci\u00f3n, Magister en Terapia Familiar y Especialista en Intervenci\u00f3n de Procesos Familiares, con 10 a\u00f1os de experiencia interviniendo a ni\u00f1os y ni\u00f1as en situaci\u00f3n de vulnerabilidad en la Fundaci\u00f3n Brazos Abiertos. Terapeuta de Familia con 25 a\u00f1os de experiencia, con 17 a\u00f1os de experiencia en la Fundaci\u00f3n V\u00ednculo (Centro de Atenci\u00f3n a la Familia). Docente del Seminario B\u00edblico de Colombia en el programa de extensi\u00f3n por m\u00e1s de 10 a\u00f1os.<a href=\"https:\/\/www.pazyesperanza.org\/co\/team\/olga-regina-restrepo-amariles\/\"><\/a><\/p><\/div><\/div><\/div><\/li><li class=\"grid-item team-custom-grid-item format-standard\" style=\"width:22%\">\r\r\n\t\t<div class=\"grid-staff-item \">\r\r\n                     \t<div class=\"grid-item-inner\"><div class=\"media-box\"><img decoding=\"async\" src=\"https:\/\/www.pazyesperanza.org\/co\/wp-content\/uploads\/sites\/10\/2026\/03\/d3fd37c9-15d3-42f9-a63b-cc0d3ded8be4.jpg\" class=\"attachment-post-thumbnail size-post-thumbnail wp-post-image\" alt=\"\" srcset=\"https:\/\/www.pazyesperanza.org\/co\/wp-content\/uploads\/sites\/10\/2026\/03\/d3fd37c9-15d3-42f9-a63b-cc0d3ded8be4.jpg 398w, https:\/\/www.pazyesperanza.org\/co\/wp-content\/uploads\/sites\/10\/2026\/03\/d3fd37c9-15d3-42f9-a63b-cc0d3ded8be4-300x300.jpg 300w, https:\/\/www.pazyesperanza.org\/co\/wp-content\/uploads\/sites\/10\/2026\/03\/d3fd37c9-15d3-42f9-a63b-cc0d3ded8be4-150x150.jpg 150w, https:\/\/www.pazyesperanza.org\/co\/wp-content\/uploads\/sites\/10\/2026\/03\/d3fd37c9-15d3-42f9-a63b-cc0d3ded8be4-70x70.jpg 70w\" sizes=\"(max-width: 398px) 100vw, 398px\" \/><\/div><div class=\"grid-item-content\">\r\r\n                                \t<h3 class=\"margin-5\">Sara Hasen Flores<\/h3><span class=\"meta-data margin-20\">Miembro Junta Directiva<\/span><p>Sara Hasen es Psic\u00f3loga con \u00c9nfasis Comunitario y mag\u00edster en Psicolog\u00eda Social, con formaci\u00f3n profesional en Soluci\u00f3n de Conflictos. Es socia fundadora de Paz y Esperanza Colombia y cuenta con extensa experiencia en desarrollo comunitario, protecci\u00f3n de la ni\u00f1ez y construcci\u00f3n de paz en Colombia, Ecuador y Per\u00fa. Ha coordinado iniciativas que vinculan a iglesias y comunidades en procesos de construcci\u00f3n de paz y atenci\u00f3n psicosocial a poblaciones afectadas por la violencia. Tambi\u00e9n ha liderado proyectos humanitarios y de respuesta a emergencias con organizaciones como World Vision. Actualmente trabaja en Estados Unidos acompa\u00f1ando a comunidades migrantes en procesos de inclusi\u00f3n social y fortalecimiento familiar.<a href=\"https:\/\/www.pazyesperanza.org\/co\/team\/sara-hasen-flores\/\"><\/a><\/p><\/div><\/div><\/div><\/li><li class=\"grid-item team-custom-grid-item format-standard\" style=\"width:22%\">\r\r\n\t\t<div class=\"grid-staff-item \">\r\r\n                     \t<div class=\"grid-item-inner\"><div class=\"media-box\"><img decoding=\"async\" src=\"https:\/\/www.pazyesperanza.org\/co\/wp-content\/uploads\/sites\/10\/2026\/04\/7a29e363-74df-463b-85f1-de8ffb359e1c.jpg\" class=\"attachment-post-thumbnail size-post-thumbnail wp-post-image\" alt=\"\" srcset=\"https:\/\/www.pazyesperanza.org\/co\/wp-content\/uploads\/sites\/10\/2026\/04\/7a29e363-74df-463b-85f1-de8ffb359e1c.jpg 544w, https:\/\/www.pazyesperanza.org\/co\/wp-content\/uploads\/sites\/10\/2026\/04\/7a29e363-74df-463b-85f1-de8ffb359e1c-214x300.jpg 214w\" sizes=\"(max-width: 544px) 100vw, 544px\" \/><\/div><div class=\"grid-item-content\">\r\r\n                                \t<h3 class=\"margin-5\">Nancy Esther Ruiz Gallego<\/h3><p>Es Licenciada en Administraci\u00f3n Educativa y Especialista en Educaci\u00f3n Personalizada, con Maestr\u00eda en Teaching English as a Foreign Language (UNIB). Cuenta con formaci\u00f3n complementaria en competencias laborales, dise\u00f1o de objetos virtuales, docencia virtual, Moodle y herramientas web, as\u00ed como con certificaciones TKT del British Council y TDI de Hunter College de New York. Actualmente se desempe\u00f1a como docente de la Corporaci\u00f3n Universitaria Adventista de Colombia, con experiencia como docente, coordinadora acad\u00e9mica y tutora virtual en programas de formaci\u00f3n docente. Es creadora de la estrategia did\u00e1ctica MAO, el programa misionero MAO as a servant leader y del proyecto \u201cVolunteachers\u201d, adem\u00e1s de autora de publicaciones acad\u00e9micas en ense\u00f1anza del ingl\u00e9s e innovaci\u00f3n pedag\u00f3gica. En la Corporaci\u00f3n Iniciativa de Mujeres por la Paz, siembra dignidad y fortalece voces que renacen en medio de la adversidad. Como misionera, ha llevado luz a diversos territorios, abrazando comunidades con actos de amor concreto a trav\u00e9s de su iniciativa \u201cICE BREAKERS Serving the Lord. Apoyando a Otros\u201d.<a href=\"https:\/\/www.pazyesperanza.org\/co\/team\/nancy-esther-ruiz-gallego\/\"><\/a><\/p><\/div><\/div><\/div><\/li><\/ul>[vc_custom_heading text=&#8221;Liderazgo&#8221; font_container=&#8221;tag:h2|text_align:center&#8221;]<ul class=\"isotope-grid team-custom-grid\"><li class=\"grid-item team-custom-grid-item format-standard\" style=\"width:22%\">\r\r\n\t\t<div class=\"grid-staff-item \">\r\r\n                     \t<div class=\"grid-item-inner\"><div class=\"media-box\"><img decoding=\"async\" src=\"https:\/\/www.pazyesperanza.org\/co\/wp-content\/uploads\/sites\/10\/2023\/02\/Giovanny-Gomez.jpg\" class=\"attachment-post-thumbnail size-post-thumbnail wp-post-image\" alt=\"\" srcset=\"https:\/\/www.pazyesperanza.org\/co\/wp-content\/uploads\/sites\/10\/2023\/02\/Giovanny-Gomez.jpg 680w, https:\/\/www.pazyesperanza.org\/co\/wp-content\/uploads\/sites\/10\/2023\/02\/Giovanny-Gomez-283x300.jpg 283w\" sizes=\"(max-width: 680px) 100vw, 680px\" \/><\/div><div class=\"grid-item-content\">\r\r\n                                \t<h3 class=\"margin-5\">Giovanny G\u00f3mez Molina<\/h3><span class=\"meta-data margin-20\">Director Ejecutivo y Coordinador<\/span><p>Docente universitario, artista y Trabajador Social de la Universidad de Antioquia y Magister en Educaci\u00f3n y Desarrollo Humano y Magister en Teolog\u00eda con \u00e9nfasis en liderazgo para la transformaci\u00f3n. Toda su vida ha transcurrido en la ciudad de Medell\u00edn con ra\u00edces de campesinos y artesanos en Boyac\u00e1. En su experiencia profesional y de vida ha acompa\u00f1ado diferentes comunidades en sus procesos de construcci\u00f3n de resistencia y re-existencia. En Cristo le desaf\u00eda las palabras del serm\u00f3n del monte en Mateo 5:9, \u201cDichosos los que trabajan por la paz, porque ser\u00e1n llamados hijos de Dios\u201d. Adem\u00e1s, reconoce como persona la capacidad desde el ser humano para recrear y cambiar su mundo en otras formas posibles. \u201cNo hay cambio sin duelo y no hay sue\u00f1o sin esperanza\u201d Paula Freire.<a href=\"https:\/\/www.pazyesperanza.org\/co\/team\/giovanny-gomez-molina\/\"><\/a><\/p><\/div><\/div><\/div><\/li><li class=\"grid-item team-custom-grid-item format-standard\" style=\"width:22%\">\r\r\n\t\t<div class=\"grid-staff-item \">\r\r\n                     \t<div class=\"grid-item-inner\"><div class=\"media-box\"><img decoding=\"async\" src=\"https:\/\/www.pazyesperanza.org\/co\/wp-content\/uploads\/sites\/10\/2018\/03\/Mayra.jpg\" class=\"attachment-post-thumbnail size-post-thumbnail wp-post-image\" alt=\"\" srcset=\"https:\/\/www.pazyesperanza.org\/co\/wp-content\/uploads\/sites\/10\/2018\/03\/Mayra.jpg 323w, https:\/\/www.pazyesperanza.org\/co\/wp-content\/uploads\/sites\/10\/2018\/03\/Mayra-300x294.jpg 300w, https:\/\/www.pazyesperanza.org\/co\/wp-content\/uploads\/sites\/10\/2018\/03\/Mayra-70x70.jpg 70w\" sizes=\"(max-width: 323px) 100vw, 323px\" \/><\/div><div class=\"grid-item-content\">\r\r\n                                \t<h3 class=\"margin-5\">Mayra Lissette Villacreses Obaco<\/h3><span class=\"meta-data margin-20\">Administrativa<\/span><p>Ecuatoriana residente en Colombia. Ingeniera Comercial de profesi\u00f3n con una profunda vocaci\u00f3n de trabajo con poblaciones vulnerables. Se ha capacitado en temas teolog\u00eda y misi\u00f3n integral, prevenci\u00f3n de la farmacodependencia, prevenci\u00f3n del abuso sexual infantil, terapia familiar y capellan\u00eda urbana. Apoy\u00f3 proyectos sociales acompa\u00f1ando mujeres en su rehabilitaci\u00f3n de la dependencia a las drogas, as\u00ed como a la ni\u00f1ez en temas de buen trato y biblia. Actualmente es la administradora de Paz y Esperanza Colombia.<a href=\"https:\/\/www.pazyesperanza.org\/co\/team\/mayra-lissette-villacreses-obaco\/\"><\/a><\/p><\/div><\/div><\/div><\/li><li class=\"grid-item team-custom-grid-item format-standard\" style=\"width:22%\">\r\r\n\t\t<div class=\"grid-staff-item \">\r\r\n                     \t<div class=\"grid-item-inner\"><div class=\"media-box\"><img decoding=\"async\" src=\"https:\/\/www.pazyesperanza.org\/co\/wp-content\/uploads\/sites\/10\/2026\/03\/WhatsApp-Image-2026-02-25-at-4.46.21-PM.jpeg\" class=\"attachment-post-thumbnail size-post-thumbnail wp-post-image\" alt=\"\" srcset=\"https:\/\/www.pazyesperanza.org\/co\/wp-content\/uploads\/sites\/10\/2026\/03\/WhatsApp-Image-2026-02-25-at-4.46.21-PM.jpeg 900w, https:\/\/www.pazyesperanza.org\/co\/wp-content\/uploads\/sites\/10\/2026\/03\/WhatsApp-Image-2026-02-25-at-4.46.21-PM-225x300.jpeg 225w, https:\/\/www.pazyesperanza.org\/co\/wp-content\/uploads\/sites\/10\/2026\/03\/WhatsApp-Image-2026-02-25-at-4.46.21-PM-768x1024.jpeg 768w\" sizes=\"(max-width: 900px) 100vw, 900px\" \/><\/div><div class=\"grid-item-content\">\r\r\n                                \t<h3 class=\"margin-5\">Raquel Villanueva Restrepo<\/h3><span class=\"meta-data margin-20\">Profesional Psicosocial | Asociada<\/span><p>Hace parte del equipo de Paz y Esperanza Colombia desde el 2018, participando en cursos de formaci\u00f3n de prevenci\u00f3n de abuso sexual infantil y voluntariados como \u201cyo te escucho\u201d para acompa\u00f1ar y orientar a personas durante la pandemia. Ha participado en diversos proyectos como: \u201cAguanta proyectarnos\u201d, 2021 \u201cSocio-pastoral\u201d, 2023 \u201cCamino de sue\u00f1os\u201d, 2024 \u201cFortalecimiento de las capacidades psicosociales de las iglesias e instituciones cristianas para tratar las consecuencias del conflicto armado en Colombia\u201d, 2025 \u201ccontribuci\u00f3n del liderazgo cristiano a procesos de paz y exigibilidad de derechos en Colombia\u201d, 2026 &#8211; 2028 Durante estos proyectos se trabajaron habilidades para la vida desde el arteterapia, el teatro y la m\u00fasica con el fin de presentarle a la comunidad posibilidades en sus historias de vida, se realizaron encuentros de formaci\u00f3n acerca de la prevenci\u00f3n de violencias, nuevas masculinidades, primeros auxilios psicol\u00f3gicos y prevenci\u00f3n al suicidio con actores estrat\u00e9gicos que habitan en el territorio.<a href=\"https:\/\/www.pazyesperanza.org\/co\/team\/raquel-villanueva-restrepo\/\"><\/a><\/p><\/div><\/div><\/div><\/li><li class=\"grid-item team-custom-grid-item format-standard\" style=\"width:22%\">\r\r\n\t\t<div class=\"grid-staff-item \">\r\r\n                     \t<div class=\"grid-item-inner\"><div class=\"media-box\"><img decoding=\"async\" src=\"https:\/\/www.pazyesperanza.org\/co\/wp-content\/uploads\/sites\/10\/2018\/03\/beb650d6-8527-4691-9b5b-89b420dd63d3.jpg\" class=\"attachment-post-thumbnail size-post-thumbnail wp-post-image\" alt=\"\" srcset=\"https:\/\/www.pazyesperanza.org\/co\/wp-content\/uploads\/sites\/10\/2018\/03\/beb650d6-8527-4691-9b5b-89b420dd63d3.jpg 444w, https:\/\/www.pazyesperanza.org\/co\/wp-content\/uploads\/sites\/10\/2018\/03\/beb650d6-8527-4691-9b5b-89b420dd63d3-300x234.jpg 300w\" sizes=\"(max-width: 444px) 100vw, 444px\" \/><\/div><div class=\"grid-item-content\">\r\r\n                                \t<h3 class=\"margin-5\">Sarai Mej\u00eda<\/h3><span class=\"meta-data margin-20\">Comunicadora| Profesional en Gobernanza de Paz<\/span><p>Comunicadora Audiovisual de profesi\u00f3n, que sue\u00f1a y trabaja para asumir el ministerio de la reconciliaci\u00f3n que Cristo nos encarg\u00f3 como vocaci\u00f3n y proyecto para la vida. En ese viaje por hallar la armon\u00eda entre la carrera y la misi\u00f3n, ha tenido la oportunidad de servir en Paz y Esperanza Ecuador, en proyectos de promoci\u00f3n y defensa de los derechos humanos, de mujeres v\u00edctimas de violencia intrafamiliar y de ni\u00f1os y ni\u00f1as v\u00edctimas de abuso sexual; as\u00ed como tambi\u00e9n en Alemania, en proyectos sociales, con ancianos y poblaci\u00f3n refugiada. Tambi\u00e9n cuenta con experiencia de 5 a\u00f1os en el \u00e1rea de Bienestar Laboral. Actualmente trabaja en Paz y Esperanza Colombia, como profesional en Gobernanza de Paz.<a href=\"https:\/\/www.pazyesperanza.org\/co\/team\/sarai-mejia\/\"><\/a><\/p><\/div><\/div><\/div><\/li><li class=\"grid-item team-custom-grid-item format-standard\" style=\"width:22%\">\r\r\n\t\t<div class=\"grid-staff-item \">\r\r\n                     \t<div class=\"grid-item-inner\"><div class=\"media-box\"><img decoding=\"async\" src=\"https:\/\/www.pazyesperanza.org\/co\/wp-content\/uploads\/sites\/10\/2018\/03\/JVR-2.jpg\" class=\"attachment-post-thumbnail size-post-thumbnail wp-post-image\" alt=\"\" srcset=\"https:\/\/www.pazyesperanza.org\/co\/wp-content\/uploads\/sites\/10\/2018\/03\/JVR-2.jpg 757w, https:\/\/www.pazyesperanza.org\/co\/wp-content\/uploads\/sites\/10\/2018\/03\/JVR-2-150x150.jpg 150w, https:\/\/www.pazyesperanza.org\/co\/wp-content\/uploads\/sites\/10\/2018\/03\/JVR-2-300x300.jpg 300w, https:\/\/www.pazyesperanza.org\/co\/wp-content\/uploads\/sites\/10\/2018\/03\/JVR-2-70x70.jpg 70w\" sizes=\"(max-width: 757px) 100vw, 757px\" \/><\/div><div class=\"grid-item-content\">\r\r\n                                \t<h3 class=\"margin-5\">Jos\u00e9 Vinces Rodr\u00edguez<\/h3><span class=\"meta-data margin-20\">Asociado<\/span><p>Peruano residente en Ecuador. Trabaja con grupos vulnerables por m\u00e1s de 20 a\u00f1os. Abogado por la Universidad San Mart\u00edn de Porres de Lima y Magister en Derechos Humanos en el Mundo Contempor\u00e1neo por la Universidad Internacional de Andaluc\u00eda-Espa\u00f1a. Cuenta con estudios de maestr\u00eda en Misionologia, realizados en la Facultad Evang\u00e9lica Orlando Costas-CEMAA, Per\u00fa. Es fundador de la REDI \u2013 Red Evang\u00e9lica Diaconal Interinstitucional, (Guayaquil-Ecuador). Docente del Seminario B\u00edblico Alianza del Ecuador. Articulista y conferencista internacional. Est\u00e1 casado con Loida Carriel, tienen tres hijos.<a href=\"https:\/\/www.pazyesperanza.org\/co\/team\/jose-vinces-rodriguez\/\"><\/a><\/p><\/div><\/div><\/div><\/li><li class=\"grid-item team-custom-grid-item format-standard\" style=\"width:22%\">\r\r\n\t\t<div class=\"grid-staff-item \">\r\r\n                     \t<div class=\"grid-item-inner\"><div class=\"media-box\"><img decoding=\"async\" src=\"https:\/\/www.pazyesperanza.org\/co\/wp-content\/uploads\/sites\/10\/2018\/03\/WhatsApp-Image-2026-03-16-at-8.35.34-AM-958x1435.jpeg\" class=\"attachment-post-thumbnail size-post-thumbnail wp-post-image\" alt=\"\" srcset=\"https:\/\/www.pazyesperanza.org\/co\/wp-content\/uploads\/sites\/10\/2018\/03\/WhatsApp-Image-2026-03-16-at-8.35.34-AM-958x1435.jpeg 958w, https:\/\/www.pazyesperanza.org\/co\/wp-content\/uploads\/sites\/10\/2018\/03\/WhatsApp-Image-2026-03-16-at-8.35.34-AM-200x300.jpeg 200w, https:\/\/www.pazyesperanza.org\/co\/wp-content\/uploads\/sites\/10\/2018\/03\/WhatsApp-Image-2026-03-16-at-8.35.34-AM-684x1024.jpeg 684w, https:\/\/www.pazyesperanza.org\/co\/wp-content\/uploads\/sites\/10\/2018\/03\/WhatsApp-Image-2026-03-16-at-8.35.34-AM-768x1151.jpeg 768w, https:\/\/www.pazyesperanza.org\/co\/wp-content\/uploads\/sites\/10\/2018\/03\/WhatsApp-Image-2026-03-16-at-8.35.34-AM-1025x1536.jpeg 1025w, https:\/\/www.pazyesperanza.org\/co\/wp-content\/uploads\/sites\/10\/2018\/03\/WhatsApp-Image-2026-03-16-at-8.35.34-AM.jpeg 1068w\" sizes=\"(max-width: 958px) 100vw, 958px\" \/><\/div><div class=\"grid-item-content\">\r\r\n                                \t<h3 class=\"margin-5\">Yohan Alvarez<\/h3><span class=\"meta-data margin-20\">Polit\u00f3logo | Asociado<\/span><p>Yohan Alvarez es Socio-Fundador de Paz y Esperanza Colombia, y pastor ordenado de la Iglesia Metodista Unida. Es polit\u00f3logo con \u00e9nfasis en an\u00e1lisis de pol\u00edticas p\u00fablicas, especialista en gerencia de proyectos y te\u00f3logo formado en incidencia p\u00fablica y organizaci\u00f3n comunitaria basada en la fe en Duke Divinity School. Cuenta con m\u00e1s de una d\u00e9cada de experiencia acompa\u00f1ando iniciativas de derechos humanos, desarrollo comunitario y construcci\u00f3n de paz en Am\u00e9rica Latina. A lo largo de su trayectoria ha trabajado junto a organizaciones comunitarias, iglesias y redes de la sociedad civil para fortalecer el liderazgo local y promover respuestas frente a la violencia, la exclusi\u00f3n y las injusticias estructurales.<a href=\"https:\/\/www.pazyesperanza.org\/co\/team\/yohan-alvarez\/\"><\/a><\/p><\/div><\/div><\/div><\/li><li class=\"grid-item team-custom-grid-item format-standard\" style=\"width:22%\">\r\r\n\t\t<div class=\"grid-staff-item \">\r\r\n                     \t<div class=\"grid-item-inner\"><div class=\"media-box\"><img decoding=\"async\" src=\"https:\/\/www.pazyesperanza.org\/co\/wp-content\/uploads\/sites\/10\/2023\/02\/Yesica-Castrillon.jpg\" class=\"attachment-post-thumbnail size-post-thumbnail wp-post-image\" alt=\"\" srcset=\"https:\/\/www.pazyesperanza.org\/co\/wp-content\/uploads\/sites\/10\/2023\/02\/Yesica-Castrillon.jpg 680w, https:\/\/www.pazyesperanza.org\/co\/wp-content\/uploads\/sites\/10\/2023\/02\/Yesica-Castrillon-300x288.jpg 300w\" sizes=\"(max-width: 680px) 100vw, 680px\" \/><\/div><div class=\"grid-item-content\">\r\r\n                                \t<h3 class=\"margin-5\">Yesica Castrill\u00f3n Laverde<\/h3><span class=\"meta-data margin-20\">Trabajadora Social | Asociada<\/span><p>Profesional en Trabajo Social, Magister en Psicolog\u00eda Social. Fue coordinadora de g\u00e9nero en Paz y Esperanza, acompa\u00f1ando los diferentes procesos psicosociales con comunidades e iglesias, espec\u00edficamente en el acompa\u00f1amiento a mujeres v\u00edctimas del conflicto armado y j\u00f3venes en condiciones de vulnerabilidad, para promover la reconstrucci\u00f3n de la memoria hist\u00f3rica y la construcci\u00f3n de paz a trav\u00e9s del arte. Ha asumido la coordinaci\u00f3n de la Red de Mujeres de la Comisi\u00f3n de Paz Cedecol, as\u00ed como iniciativas por la justicia ambiental con enfoque eco teol\u00f3gico, entre ellas la campa\u00f1a Renovemos Nuestro Mundo Colombia, y la Coalici\u00f3n\u00a0 Evang\u00e9lica\u00a0 por la\u00a0 Justicia\u00a0 Clim\u00e1tica en Latinoam\u00e9rica.<a href=\"https:\/\/www.pazyesperanza.org\/co\/team\/yesica-castrillon-laverde\/\"><\/a><\/p><\/div><\/div><\/div><\/li><li class=\"grid-item team-custom-grid-item format-standard\" style=\"width:22%\">\r\r\n\t\t<div class=\"grid-staff-item \">\r\r\n                     \t<div class=\"grid-item-inner\"><div class=\"media-box\"><img decoding=\"async\" src=\"https:\/\/www.pazyesperanza.org\/co\/wp-content\/uploads\/sites\/10\/2018\/03\/ef23251a-9028-4f94-8bd2-7a7c6d42c526-e1774673391334.jpg\" class=\"attachment-post-thumbnail size-post-thumbnail wp-post-image\" alt=\"\" srcset=\"https:\/\/www.pazyesperanza.org\/co\/wp-content\/uploads\/sites\/10\/2018\/03\/ef23251a-9028-4f94-8bd2-7a7c6d42c526-e1774673391334.jpg 299w, https:\/\/www.pazyesperanza.org\/co\/wp-content\/uploads\/sites\/10\/2018\/03\/ef23251a-9028-4f94-8bd2-7a7c6d42c526-e1774673391334-266x300.jpg 266w\" sizes=\"(max-width: 299px) 100vw, 299px\" \/><\/div><div class=\"grid-item-content\">\r\r\n                                \t<h3 class=\"margin-5\">Federico Suarez Garc\u00eda<\/h3><span class=\"meta-data margin-20\">Soci\u00f3logo | Profesional Pastoral<\/span><p>Naci\u00f3 en la ciudad de Ibagu\u00e9, Colombia donde estudi\u00f3 Teolog\u00eda y Biblia. Es Soci\u00f3logo de la Universidad de Antioquia, con experiencia acompa\u00f1ando poblaci\u00f3n vulnerada en estado de desplazamiento, con migrantes, adultos mayores y j\u00f3venes en alto riesgo. Ha liderado procesos pedag\u00f3gicos con j\u00f3venes universitarios. Sirvi\u00f3 como obrero local en Unidad Cristiana Universitaria (UCU) en Ibagu\u00e9 y Medell\u00edn por m\u00e1s de 10 a\u00f1os. Trabaj\u00f3 con Paz y Esperanza como asistente de proyectos por cuatro a\u00f1os. Actualmente se desempe\u00f1a como director de pasant\u00edas de Sirvientes en Cooperaci\u00f3n Colombia.<a href=\"https:\/\/www.pazyesperanza.org\/co\/team\/federico-suarez-garcia\/\"><\/a><\/p><\/div><\/div><\/div><\/li><li class=\"grid-item team-custom-grid-item format-standard\" style=\"width:22%\">\r\r\n\t\t<div class=\"grid-staff-item \">\r\r\n                     \t<div class=\"grid-item-inner\"><div class=\"media-box\"><img decoding=\"async\" src=\"https:\/\/www.pazyesperanza.org\/co\/wp-content\/uploads\/sites\/10\/2018\/03\/isa-958x958.jpg\" class=\"attachment-post-thumbnail size-post-thumbnail wp-post-image\" alt=\"\" srcset=\"https:\/\/www.pazyesperanza.org\/co\/wp-content\/uploads\/sites\/10\/2018\/03\/isa-958x958.jpg 958w, https:\/\/www.pazyesperanza.org\/co\/wp-content\/uploads\/sites\/10\/2018\/03\/isa-150x150.jpg 150w, https:\/\/www.pazyesperanza.org\/co\/wp-content\/uploads\/sites\/10\/2018\/03\/isa-300x300.jpg 300w, https:\/\/www.pazyesperanza.org\/co\/wp-content\/uploads\/sites\/10\/2018\/03\/isa-768x768.jpg 768w, https:\/\/www.pazyesperanza.org\/co\/wp-content\/uploads\/sites\/10\/2018\/03\/isa-1024x1024.jpg 1024w, https:\/\/www.pazyesperanza.org\/co\/wp-content\/uploads\/sites\/10\/2018\/03\/isa-70x70.jpg 70w, https:\/\/www.pazyesperanza.org\/co\/wp-content\/uploads\/sites\/10\/2018\/03\/isa.jpg 2048w\" sizes=\"(max-width: 958px) 100vw, 958px\" \/><\/div><div class=\"grid-item-content\">\r\r\n                                \t<h3 class=\"margin-5\">Isabel Orozco \u00c1lvarez<\/h3><span class=\"meta-data margin-20\">Artista Pl\u00e1stica | Te\u00f3loga | Asociada<\/span><p>Te\u00f3loga de la Fundaci\u00f3n Universitaria Seminario B\u00edblico de Colombia, Licenciada de Educaci\u00f3n Preescolar de la Universidad San Buenaventura, Especialista en Farmacodependencia y Maestra en Artes Pl\u00e1sticas de la Universidad de Antioquia. En la ense\u00f1anza de las artes impulsa la creaci\u00f3n personal y el desarrollo de la imaginaci\u00f3n. Ha trabajado con poblaci\u00f3n desplazada y refugiada en procesos de elaboraci\u00f3n del duelo a trav\u00e9s de las artes unida a la teolog\u00eda de a la pedagog\u00eda. Mantiene un estudio continuo y profundo de la Biblia para la generaci\u00f3n de reflexiones teol\u00f3gicas desde y para un contexto latino. Fundadora y directora de La Casa del Artesano, una escuela de artes para ni\u00f1os y adolescentes de la Comuna 5 de Medell\u00edn.<a href=\"https:\/\/www.pazyesperanza.org\/co\/team\/isabel-orozco-alvarez\/\"><\/a><\/p><\/div><\/div><\/div><\/li><li class=\"grid-item team-custom-grid-item format-standard\" style=\"width:22%\">\r\r\n\t\t<div class=\"grid-staff-item \">\r\r\n                     \t<div class=\"grid-item-inner\"><div class=\"media-box\"><img decoding=\"async\" src=\"https:\/\/www.pazyesperanza.org\/co\/wp-content\/uploads\/sites\/10\/2026\/03\/a6519033-4700-4679-bccf-c657d217983b.jpg\" class=\"attachment-post-thumbnail size-post-thumbnail wp-post-image\" alt=\"\" srcset=\"https:\/\/www.pazyesperanza.org\/co\/wp-content\/uploads\/sites\/10\/2026\/03\/a6519033-4700-4679-bccf-c657d217983b.jpg 852w, https:\/\/www.pazyesperanza.org\/co\/wp-content\/uploads\/sites\/10\/2026\/03\/a6519033-4700-4679-bccf-c657d217983b-270x300.jpg 270w, https:\/\/www.pazyesperanza.org\/co\/wp-content\/uploads\/sites\/10\/2026\/03\/a6519033-4700-4679-bccf-c657d217983b-768x853.jpg 768w\" sizes=\"(max-width: 852px) 100vw, 852px\" \/><\/div><div class=\"grid-item-content\">\r\r\n                                \t<h3 class=\"margin-5\">Liliana Villegas<\/h3><span class=\"meta-data margin-20\">Psic\u00f3loga | Asociada<\/span><p>Psic\u00f3loga, Especialista en procesos psicosociales con \u00e9nfasis en poblaci\u00f3n vulnerable. Casada hace 20 a\u00f1os. M\u00e1s de 20 a\u00f1os de experiencia en procesos comunitarios con poblaci\u00f3n vulnerable, especialmente con v\u00edctimas del conflicto armado y en situaci\u00f3n de desplazamiento, en procesos de memoria, promoviendo y previniendo la salud mental, redes de apoyo, misi\u00f3n integral, entre otros. Esta experiencia le ha permitido, no solo crecer en su quehacer profesional, sino tambi\u00e9n, desarrollar su vocaci\u00f3n de fe. Actualmente trabaja con la Corporaci\u00f3n Comunidad Cristina Shalom, apoyando la escuela de liderazgo transformador y el torneo mixto: &#8220;Para que tengas vida&#8221; desarrollados en la vereda Granizal.<a href=\"https:\/\/www.pazyesperanza.org\/co\/team\/liliana-villegas\/\"><\/a><\/p><\/div><\/div><\/div><\/li><li class=\"grid-item team-custom-grid-item format-standard\" style=\"width:22%\">\r\r\n\t\t<div class=\"grid-staff-item \">\r\r\n                     \t<div class=\"grid-item-inner\"><div class=\"media-box\"><img decoding=\"async\" src=\"https:\/\/www.pazyesperanza.org\/co\/wp-content\/uploads\/sites\/10\/2026\/03\/WhatsApp-Image-2026-03-16-at-8.58.10-AM-958x817.jpeg\" class=\"attachment-post-thumbnail size-post-thumbnail wp-post-image\" alt=\"\" srcset=\"https:\/\/www.pazyesperanza.org\/co\/wp-content\/uploads\/sites\/10\/2026\/03\/WhatsApp-Image-2026-03-16-at-8.58.10-AM-958x817.jpeg 958w, https:\/\/www.pazyesperanza.org\/co\/wp-content\/uploads\/sites\/10\/2026\/03\/WhatsApp-Image-2026-03-16-at-8.58.10-AM-300x256.jpeg 300w, https:\/\/www.pazyesperanza.org\/co\/wp-content\/uploads\/sites\/10\/2026\/03\/WhatsApp-Image-2026-03-16-at-8.58.10-AM-1024x873.jpeg 1024w, https:\/\/www.pazyesperanza.org\/co\/wp-content\/uploads\/sites\/10\/2026\/03\/WhatsApp-Image-2026-03-16-at-8.58.10-AM-768x655.jpeg 768w, https:\/\/www.pazyesperanza.org\/co\/wp-content\/uploads\/sites\/10\/2026\/03\/WhatsApp-Image-2026-03-16-at-8.58.10-AM.jpeg 1500w\" sizes=\"(max-width: 958px) 100vw, 958px\" \/><\/div><div class=\"grid-item-content\">\r\r\n                                \t<h3 class=\"margin-5\">Juan Camilo Ospina Arenas<\/h3><span class=\"meta-data margin-20\">Psic\u00f3logo | Asociado<\/span><p>Psic\u00f3logo de profesi\u00f3n, cuyo proyecto de vida est\u00e1 encaminado al acompa\u00f1amiento integral de las comunidades, promoviendo acciones que permitan el reconocimiento de Jesucristo y su poder restaurador en sus historias de vida. En su trayectoria profesional se ha centrado en la intervenci\u00f3n psicosocial y el acompa\u00f1amiento cl\u00ednico a poblaciones vulneradas, donde ha desarrollado habilidades clave en el diagn\u00f3stico emocional, la gesti\u00f3n de proyectos comunitarios como &#8220;&#8216;Construyendo v\u00ednculos&#8221;&#8216; y la facilitaci\u00f3n de herramientas expresivas para la sanidad socioemocional, tambi\u00e9n ha participado en voluntariados de Paz y Esperanza Colombia, dando acompa\u00f1amiento psicosocial durante la pandemia del Covid &#8211; 19, por medio del programa &#8220;Yo te escucho Colombia&#8221;, adem\u00e1s de talleres sobre masculinidad b\u00edblica dirigidos a j\u00f3venes l\u00edderes de la vereda de Granizal. Estas experiencias le han permitido cultivar una capacidad de escucha emp\u00e1tica, organizaci\u00f3n administrativa y resoluci\u00f3n de conflictos facilitando as\u00ed espacios de contenci\u00f3n, crecimiento espiritual y fortalecimiento del tejido familiar, competencias que son vitales para el acompa\u00f1amiento a comunidades de fe.<a href=\"https:\/\/www.pazyesperanza.org\/co\/team\/juan-camilo-ospina-arenas\/\"><\/a><\/p><\/div><\/div><\/div><\/li><\/ul>[\/vc_column][\/vc_row]<\/p>\n","protected":false},"excerpt":{"rendered":"[vc_row el_id=&#8221;team&#8221;][vc_column][vc_raw_js]JTNDc2NyaXB0JTNFJTIwJTBBalF1ZXJ5Lm5vQ29uZmxpY3QlMjglMjklM0IlMEFqUXVlcnklMjhkb2N1bWVudCUyOS5mb3VuZGF0aW9uJTI4JTI5JTNCJTBBJTNDJTJGc2NyaXB0JTNFJTIwJTBBJTNDc2NyaXB0JTNFJTIwJTBBZG9jdW1lbnQuZ2V0RWxlbWVudHNCeVRhZ05hbWUlMjglMjJhJTIyJTI5JTVCMCU1RC5yZW1vdmVBdHRyaWJ1dGUlMjglMjJocmVmJTIyJTI5JTNCJTBBJTNDJTJGc2NyaXB0JTNFJTIw[\/vc_raw_js][vc_custom_heading text=&#8221;Junta Directiva&#8221; font_container=&#8221;tag:h2|text_align:center&#8221;][vc_custom_heading text=&#8221;Liderazgo&#8221; font_container=&#8221;tag:h2|text_align:center&#8221;][\/vc_column][\/vc_row]","protected":false},"author":1,"featured_media":0,"parent":16,"menu_order":0,"comment_status":"closed","ping_status":"closed","template":"","meta":{"_monsterinsights_skip_tracking":false,"_monsterinsights_sitenote_active":false,"_monsterinsights_sitenote_note":"","_monsterinsights_sitenote_category":0,"footnotes":""},"class_list":["post-1387","page","type-page","status-publish","hentry"],"yoast_head":"<!-- This site is optimized with the Yoast SEO plugin v16.3 - https:\/\/yoast.com\/wordpress\/plugins\/seo\/ -->\n<title>Liderazgo - Paz y Esperanza Colombia<\/title>\n<meta name=\"robots\" content=\"index, follow, max-snippet:-1, max-image-preview:large, max-video-preview:-1\" \/>\n<link rel=\"canonical\" href=\"https:\/\/www.pazyesperanza.org\/co\/conocenos\/lideres\/\" \/>\n<meta property=\"og:locale\" content=\"es_ES\" \/>\n<meta property=\"og:type\" content=\"article\" \/>\n<meta property=\"og:title\" content=\"Liderazgo - Paz y Esperanza Colombia\" \/>\n<meta property=\"og:description\" content=\"[vc_row el_id=&#8221;team&#8221;][vc_column][vc_raw_js]JTNDc2NyaXB0JTNFJTIwJTBBalF1ZXJ5Lm5vQ29uZmxpY3QlMjglMjklM0IlMEFqUXVlcnklMjhkb2N1bWVudCUyOS5mb3VuZGF0aW9uJTI4JTI5JTNCJTBBJTNDJTJGc2NyaXB0JTNFJTIwJTBBJTNDc2NyaXB0JTNFJTIwJTBBZG9jdW1lbnQuZ2V0RWxlbWVudHNCeVRhZ05hbWUlMjglMjJhJTIyJTI5JTVCMCU1RC5yZW1vdmVBdHRyaWJ1dGUlMjglMjJocmVmJTIyJTI5JTNCJTBBJTNDJTJGc2NyaXB0JTNFJTIw[\/vc_raw_js][vc_custom_heading text=&#8221;Junta Directiva&#8221; font_container=&#8221;tag:h2|text_align:center&#8221;][vc_custom_heading text=&#8221;Liderazgo&#8221; font_container=&#8221;tag:h2|text_align:center&#8221;][\/vc_column][\/vc_row]\" \/>\n<meta property=\"og:url\" content=\"https:\/\/www.pazyesperanza.org\/co\/conocenos\/lideres\/\" \/>\n<meta property=\"og:site_name\" content=\"Paz y Esperanza Colombia\" \/>\n<meta property=\"article:modified_time\" content=\"2018-03-19T02:40:47+00:00\" \/>\n<meta name=\"twitter:card\" content=\"summary_large_image\" \/>\n<meta name=\"twitter:label1\" content=\"Tiempo de lectura\">\n\t<meta name=\"twitter:data1\" content=\"1 minuto\">\n<script type=\"application\/ld+json\" class=\"yoast-schema-graph\">{\"@context\":\"https:\/\/schema.org\",\"@graph\":[{\"@type\":\"WebSite\",\"@id\":\"https:\/\/www.pazyesperanza.org\/co\/#website\",\"url\":\"https:\/\/www.pazyesperanza.org\/co\/\",\"name\":\"Paz y Esperanza Colombia\",\"description\":\"Apasionados por la justicia\",\"potentialAction\":[{\"@type\":\"SearchAction\",\"target\":\"https:\/\/www.pazyesperanza.org\/co\/?s={search_term_string}\",\"query-input\":\"required name=search_term_string\"}],\"inLanguage\":\"es\"},{\"@type\":\"WebPage\",\"@id\":\"https:\/\/www.pazyesperanza.org\/co\/conocenos\/lideres\/#webpage\",\"url\":\"https:\/\/www.pazyesperanza.org\/co\/conocenos\/lideres\/\",\"name\":\"Liderazgo - Paz y Esperanza Colombia\",\"isPartOf\":{\"@id\":\"https:\/\/www.pazyesperanza.org\/co\/#website\"},\"datePublished\":\"2016-11-04T14:12:39+00:00\",\"dateModified\":\"2018-03-19T02:40:47+00:00\",\"breadcrumb\":{\"@id\":\"https:\/\/www.pazyesperanza.org\/co\/conocenos\/lideres\/#breadcrumb\"},\"inLanguage\":\"es\",\"potentialAction\":[{\"@type\":\"ReadAction\",\"target\":[\"https:\/\/www.pazyesperanza.org\/co\/conocenos\/lideres\/\"]}]},{\"@type\":\"BreadcrumbList\",\"@id\":\"https:\/\/www.pazyesperanza.org\/co\/conocenos\/lideres\/#breadcrumb\",\"itemListElement\":[{\"@type\":\"ListItem\",\"position\":1,\"item\":{\"@type\":\"WebPage\",\"@id\":\"https:\/\/www.pazyesperanza.org\/co\/\",\"url\":\"https:\/\/www.pazyesperanza.org\/co\/\",\"name\":\"Portada\"}},{\"@type\":\"ListItem\",\"position\":2,\"item\":{\"@type\":\"WebPage\",\"@id\":\"https:\/\/www.pazyesperanza.org\/co\/conocenos\/\",\"url\":\"https:\/\/www.pazyesperanza.org\/co\/conocenos\/\",\"name\":\"Con\\u00f3cenos\"}},{\"@type\":\"ListItem\",\"position\":3,\"item\":{\"@id\":\"https:\/\/www.pazyesperanza.org\/co\/conocenos\/lideres\/#webpage\"}}]}]}<\/script>\n<!-- \/ Yoast SEO plugin. -->","_links":{"self":[{"href":"https:\/\/www.pazyesperanza.org\/co\/wp-json\/wp\/v2\/pages\/1387","targetHints":{"allow":["GET"]}}],"collection":[{"href":"https:\/\/www.pazyesperanza.org\/co\/wp-json\/wp\/v2\/pages"}],"about":[{"href":"https:\/\/www.pazyesperanza.org\/co\/wp-json\/wp\/v2\/types\/page"}],"author":[{"embeddable":true,"href":"https:\/\/www.pazyesperanza.org\/co\/wp-json\/wp\/v2\/users\/1"}],"replies":[{"embeddable":true,"href":"https:\/\/www.pazyesperanza.org\/co\/wp-json\/wp\/v2\/comments?post=1387"}],"version-history":[{"count":11,"href":"https:\/\/www.pazyesperanza.org\/co\/wp-json\/wp\/v2\/pages\/1387\/revisions"}],"predecessor-version":[{"id":2143,"href":"https:\/\/www.pazyesperanza.org\/co\/wp-json\/wp\/v2\/pages\/1387\/revisions\/2143"}],"up":[{"embeddable":true,"href":"https:\/\/www.pazyesperanza.org\/co\/wp-json\/wp\/v2\/pages\/16"}],"wp:attachment":[{"href":"https:\/\/www.pazyesperanza.org\/co\/wp-json\/wp\/v2\/media?parent=1387"}],"curies":[{"name":"wp","href":"https:\/\/api.w.org\/{rel}","templated":true}]}}