{"version":"1.0","provider_name":"Paz y Esperanza Colombia","provider_url":"https:\/\/www.pazyesperanza.org\/co","author_name":"admin-co","author_url":"https:\/\/www.pazyesperanza.org\/co\/author\/co\/","title":"Yesica Castrill\u00f3n Laverde - Paz y Esperanza Colombia","type":"rich","width":600,"height":338,"html":"<blockquote class=\"wp-embedded-content\" data-secret=\"zgJOlNFNJS\"><a href=\"https:\/\/www.pazyesperanza.org\/co\/team\/yesica-castrillon-laverde\/\">Yesica Castrill\u00f3n Laverde<\/a><\/blockquote><iframe sandbox=\"allow-scripts\" security=\"restricted\" src=\"https:\/\/www.pazyesperanza.org\/co\/team\/yesica-castrillon-laverde\/embed\/#?secret=zgJOlNFNJS\" width=\"600\" height=\"338\" title=\"\u00abYesica Castrill\u00f3n Laverde\u00bb \u2014 Paz y Esperanza Colombia\" data-secret=\"zgJOlNFNJS\" frameborder=\"0\" marginwidth=\"0\" marginheight=\"0\" scrolling=\"no\" class=\"wp-embedded-content\"><\/iframe><script type=\"text\/javascript\">\n\/* <![CDATA[ *\/\n\/*! This file is auto-generated *\/\n!function(d,l){\"use strict\";l.querySelector&&d.addEventListener&&\"undefined\"!=typeof URL&&(d.wp=d.wp||{},d.wp.receiveEmbedMessage||(d.wp.receiveEmbedMessage=function(e){var t=e.data;if((t||t.secret||t.message||t.value)&&!\/[^a-zA-Z0-9]\/.test(t.secret)){for(var s,r,n,a=l.querySelectorAll('iframe[data-secret=\"'+t.secret+'\"]'),o=l.querySelectorAll('blockquote[data-secret=\"'+t.secret+'\"]'),c=new RegExp(\"^https?:$\",\"i\"),i=0;i<o.length;i++)o[i].style.display=\"none\";for(i=0;i<a.length;i++)s=a[i],e.source===s.contentWindow&&(s.removeAttribute(\"style\"),\"height\"===t.message?(1e3<(r=parseInt(t.value,10))?r=1e3:~~r<200&&(r=200),s.height=r):\"link\"===t.message&&(r=new URL(s.getAttribute(\"src\")),n=new URL(t.value),c.test(n.protocol))&&n.host===r.host&&l.activeElement===s&&(d.top.location.href=t.value))}},d.addEventListener(\"message\",d.wp.receiveEmbedMessage,!1),l.addEventListener(\"DOMContentLoaded\",function(){for(var e,t,s=l.querySelectorAll(\"iframe.wp-embedded-content\"),r=0;r<s.length;r++)(t=(e=s[r]).getAttribute(\"data-secret\"))||(t=Math.random().toString(36).substring(2,12),e.src+=\"#?secret=\"+t,e.setAttribute(\"data-secret\",t)),e.contentWindow.postMessage({message:\"ready\",secret:t},\"*\")},!1)))}(window,document);\n\/\/# sourceURL=https:\/\/www.pazyesperanza.org\/co\/wp-includes\/js\/wp-embed.min.js\n\/* ]]> *\/\n<\/script>\n","thumbnail_url":"https:\/\/www.pazyesperanza.org\/co\/wp-content\/uploads\/sites\/10\/2023\/02\/Yesica-Castrillon.jpg","thumbnail_width":680,"thumbnail_height":653,"description":"Profesional en Trabajo Social, Magister en Psicolog\u00eda Social. Fue coordinadora de g\u00e9nero en Paz y Esperanza, acompa\u00f1ando los diferentes procesos psicosociales con comunidades e iglesias, espec\u00edficamente en el acompa\u00f1amiento a mujeres v\u00edctimas del conflicto armado y j\u00f3venes en condiciones de vulnerabilidad, para promover la reconstrucci\u00f3n de la memoria hist\u00f3rica y la construcci\u00f3n de paz a trav\u00e9s del arte. Ha asumido la coordinaci\u00f3n de la Red de Mujeres de la Comisi\u00f3n de Paz Cedecol, as\u00ed como iniciativas por la justicia ambiental con enfoque eco teol\u00f3gico, entre ellas la campa\u00f1a Renovemos Nuestro Mundo Colombia, y la Coalici\u00f3n\u00a0 Evang\u00e9lica\u00a0 por la\u00a0 Justicia\u00a0 Clim\u00e1tica en Latinoam\u00e9rica."}